{"id":46,"date":"2023-12-27T19:42:37","date_gmt":"2023-12-27T19:42:37","guid":{"rendered":"http:\/\/xn--ansuia-0wa.gal\/?page_id=46"},"modified":"2024-05-28T22:26:48","modified_gmt":"2024-05-28T22:26:48","slug":"novas","status":"publish","type":"page","link":"https:\/\/xn--ansuia-0wa.gal\/index.php\/novas","title":{"rendered":"Novas"},"content":{"rendered":"\n<p>Se queres estar ao d\u00eda das \u00faltimas novas e actuaci\u00f3ns do grupo podes seguirnos tam\u00e9n en redes sociais.<\/p>\n\n\n\n<ul class=\"wp-block-social-links is-layout-flex wp-block-social-links-is-layout-flex\"><li class=\"wp-social-link wp-social-link-facebook  wp-block-social-link\"><a href=\"https:\/\/www.facebook.com\/ansuina\" class=\"wp-block-social-link-anchor\"><svg width=\"24\" height=\"24\" viewBox=\"0 0 24 24\" version=\"1.1\" xmlns=\"http:\/\/www.w3.org\/2000\/svg\" aria-hidden=\"true\" focusable=\"false\"><path d=\"M12 2C6.5 2 2 6.5 2 12c0 5 3.7 9.1 8.4 9.9v-7H7.9V12h2.5V9.8c0-2.5 1.5-3.9 3.8-3.9 1.1 0 2.2.2 2.2.2v2.5h-1.3c-1.2 0-1.6.8-1.6 1.6V12h2.8l-.4 2.9h-2.3v7C18.3 21.1 22 17 22 12c0-5.5-4.5-10-10-10z\"><\/path><\/svg><span class=\"wp-block-social-link-label screen-reader-text\">Facebook<\/span><\/a><\/li>\n\n<li class=\"wp-social-link wp-social-link-instagram  wp-block-social-link\"><a href=\"https:\/\/www.instagram.com\/ansuinacuarteto\" class=\"wp-block-social-link-anchor\"><svg width=\"24\" height=\"24\" viewBox=\"0 0 24 24\" version=\"1.1\" xmlns=\"http:\/\/www.w3.org\/2000\/svg\" aria-hidden=\"true\" focusable=\"false\"><path d=\"M12,4.622c2.403,0,2.688,0.009,3.637,0.052c0.877,0.04,1.354,0.187,1.671,0.31c0.42,0.163,0.72,0.358,1.035,0.673 c0.315,0.315,0.51,0.615,0.673,1.035c0.123,0.317,0.27,0.794,0.31,1.671c0.043,0.949,0.052,1.234,0.052,3.637 s-0.009,2.688-0.052,3.637c-0.04,0.877-0.187,1.354-0.31,1.671c-0.163,0.42-0.358,0.72-0.673,1.035 c-0.315,0.315-0.615,0.51-1.035,0.673c-0.317,0.123-0.794,0.27-1.671,0.31c-0.949,0.043-1.233,0.052-3.637,0.052 s-2.688-0.009-3.637-0.052c-0.877-0.04-1.354-0.187-1.671-0.31c-0.42-0.163-0.72-0.358-1.035-0.673 c-0.315-0.315-0.51-0.615-0.673-1.035c-0.123-0.317-0.27-0.794-0.31-1.671C4.631,14.688,4.622,14.403,4.622,12 s0.009-2.688,0.052-3.637c0.04-0.877,0.187-1.354,0.31-1.671c0.163-0.42,0.358-0.72,0.673-1.035 c0.315-0.315,0.615-0.51,1.035-0.673c0.317-0.123,0.794-0.27,1.671-0.31C9.312,4.631,9.597,4.622,12,4.622 M12,3 C9.556,3,9.249,3.01,8.289,3.054C7.331,3.098,6.677,3.25,6.105,3.472C5.513,3.702,5.011,4.01,4.511,4.511 c-0.5,0.5-0.808,1.002-1.038,1.594C3.25,6.677,3.098,7.331,3.054,8.289C3.01,9.249,3,9.556,3,12c0,2.444,0.01,2.751,0.054,3.711 c0.044,0.958,0.196,1.612,0.418,2.185c0.23,0.592,0.538,1.094,1.038,1.594c0.5,0.5,1.002,0.808,1.594,1.038 c0.572,0.222,1.227,0.375,2.185,0.418C9.249,20.99,9.556,21,12,21s2.751-0.01,3.711-0.054c0.958-0.044,1.612-0.196,2.185-0.418 c0.592-0.23,1.094-0.538,1.594-1.038c0.5-0.5,0.808-1.002,1.038-1.594c0.222-0.572,0.375-1.227,0.418-2.185 C20.99,14.751,21,14.444,21,12s-0.01-2.751-0.054-3.711c-0.044-0.958-0.196-1.612-0.418-2.185c-0.23-0.592-0.538-1.094-1.038-1.594 c-0.5-0.5-1.002-0.808-1.594-1.038c-0.572-0.222-1.227-0.375-2.185-0.418C14.751,3.01,14.444,3,12,3L12,3z M12,7.378 c-2.552,0-4.622,2.069-4.622,4.622S9.448,16.622,12,16.622s4.622-2.069,4.622-4.622S14.552,7.378,12,7.378z M12,15 c-1.657,0-3-1.343-3-3s1.343-3,3-3s3,1.343,3,3S13.657,15,12,15z M16.804,6.116c-0.596,0-1.08,0.484-1.08,1.08 s0.484,1.08,1.08,1.08c0.596,0,1.08-0.484,1.08-1.08S17.401,6.116,16.804,6.116z\"><\/path><\/svg><span class=\"wp-block-social-link-label screen-reader-text\">Instagram<\/span><\/a><\/li>\n\n<li class=\"wp-social-link wp-social-link-mail  wp-block-social-link\"><a href=\"https:\/\/contacto@ansui\u00f1a.gal\" class=\"wp-block-social-link-anchor\"><svg width=\"24\" height=\"24\" viewBox=\"0 0 24 24\" version=\"1.1\" xmlns=\"http:\/\/www.w3.org\/2000\/svg\" aria-hidden=\"true\" focusable=\"false\"><path d=\"M19,5H5c-1.1,0-2,.9-2,2v10c0,1.1.9,2,2,2h14c1.1,0,2-.9,2-2V7c0-1.1-.9-2-2-2zm.5,12c0,.3-.2.5-.5.5H5c-.3,0-.5-.2-.5-.5V9.8l7.5,5.6,7.5-5.6V17zm0-9.1L12,13.6,4.5,7.9V7c0-.3.2-.5.5-.5h14c.3,0,.5.2.5.5v.9z\"><\/path><\/svg><span class=\"wp-block-social-link-label screen-reader-text\">Mail<\/span><\/a><\/li>\n\n<li class=\"wp-social-link wp-social-link-spotify  wp-block-social-link\"><a href=\"https:\/\/open.spotify.com\/artist\/6Q02fmTWQx4NGxzJsNwIcd\" class=\"wp-block-social-link-anchor\"><svg width=\"24\" height=\"24\" viewBox=\"0 0 24 24\" version=\"1.1\" xmlns=\"http:\/\/www.w3.org\/2000\/svg\" aria-hidden=\"true\" focusable=\"false\"><path d=\"M12,2C6.477,2,2,6.477,2,12c0,5.523,4.477,10,10,10c5.523,0,10-4.477,10-10C22,6.477,17.523,2,12,2 M16.586,16.424 c-0.18,0.295-0.563,0.387-0.857,0.207c-2.348-1.435-5.304-1.76-8.785-0.964c-0.335,0.077-0.67-0.133-0.746-0.469 c-0.077-0.335,0.132-0.67,0.469-0.746c3.809-0.871,7.077-0.496,9.713,1.115C16.673,15.746,16.766,16.13,16.586,16.424 M17.81,13.7 c-0.226,0.367-0.706,0.482-1.072,0.257c-2.687-1.652-6.785-2.131-9.965-1.166C6.36,12.917,5.925,12.684,5.8,12.273 C5.675,11.86,5.908,11.425,6.32,11.3c3.632-1.102,8.147-0.568,11.234,1.328C17.92,12.854,18.035,13.335,17.81,13.7 M17.915,10.865 c-3.223-1.914-8.54-2.09-11.618-1.156C5.804,9.859,5.281,9.58,5.131,9.086C4.982,8.591,5.26,8.069,5.755,7.919 c3.532-1.072,9.404-0.865,13.115,1.338c0.445,0.264,0.59,0.838,0.327,1.282C18.933,10.983,18.359,11.129,17.915,10.865\"><\/path><\/svg><span class=\"wp-block-social-link-label screen-reader-text\">Spotify<\/span><\/a><\/li><\/ul>\n\n\n\n<hr class=\"wp-block-separator has-alpha-channel-opacity\" style=\"margin-top:var(--wp--preset--spacing--40);margin-bottom:var(--wp--preset--spacing--40)\"\/>\n\n\n\n        <style type=\"text\/css\">\n                <\/style>                <div  data-ftsi-columns=\"3\" data-ftsi-force-columns=\"no\" data-ftsi-margin=\"3px\" data-ftsi-width=\"\" class=\"fts-instagram-inline-block-centered feed_dynamic_classxacbevwkqq_basic\">                <div class=\"slicker-instagram-placeholder fts-instagram-wrapper\" style=\"background-image:url('https:\/\/scontent-lis1-1.cdninstagram.com\/v\/t51.29350-15\/449034119_1867835387058245_514903907461676779_n.jpg?_nc_cat=110&#038;ccb=1-7&#038;_nc_sid=18de74&#038;_nc_ohc=JVQbWOXD1-8Q7kNvgGg-5qC&#038;_nc_ht=scontent-lis1-1.cdninstagram.com&#038;edm=ANQ71j8EAAAA&#038;oh=00_AYBeFqoOPIy-r-lveXCFmZZpGRCDjh46H4TcMGQQ2q-DGw&#038;oe=66A758F3')\">\n                                            <a href='https:\/\/www.instagram.com\/reel\/C8nSbaesxBk\/' title='Recuperamos este fant\u00e1stico video da Mui\u00f1eira do Ramo  que nos fixeran durante  as III Xornadas O SON DA GAITA en Poio, o 30\/10\/2022, organizadas por Pai da Cana\n\nMontaxe e edici\u00f3n, Cris Lores; gravaci\u00f3n, Cris Lores e Ivan Rodriguez; edici\u00f3n audio, Ezequiel Orol\n\nPodedes escoitar esta e o resto das pezas do noso disco en Spotify ou YouTube\n\n#ansui\u00f1a #ansui\u00f1acuarteto #osondagaita  #mui\u00f1eiradoramo #paidacana' target=\"_blank\" rel=\"noreferrer\" class='fts-instagram-link-target fts-slicker-backg\n                                                                             fts-instagram-img-link' style=\"height:65px !important; width:65px; line-height:65px; font-size:65px;\"><span\n                                class=\"fts-instagram-icon\"\n                                style=\"height:65px; width:65px; line-height:65px; font-size:65px;\"><\/span><\/a>\n                                                    <div class=\"fts-instagram-video-image-wrapper\"><div class=\"fts-instagram-video-image\"><\/div><\/div>\n                            \n                        <div class='slicker-date'>\n\n                            <div class=\"fts-insta-date-popup-grab\">\n                            2 years ago                            <\/div>\n                        <\/div>\n                    <div class='slicker-instaG-backg-link'>\n\n                        <div class='slicker-instaG-photoshadow'><\/div>\n                    <\/div>\n                        <div class=\"fts-insta-likes-comments-grab-popup\">\n\n                            <div class=\"fts-share-wrap\"><a href=\"javascript:;\" class=\"ft-gallery-link-popup\" title=\"Social Share Options\"><\/a><div class=\"ft-gallery-share-wrap\"><a href=\"https:\/\/www.facebook.com\/sharer\/sharer.php?u=https:\/\/www.instagram.com\/reel\/C8nSbaesxBk\/\" target=\"_blank\" rel=\"noreferrer\" class=\"ft-galleryfacebook-icon\" title=\"Share this post on Facebook\"><i class=\"fa fa-facebook-square\"><\/i><\/a><a href=\"https:\/\/twitter.com\/intent\/tweet?text=https:\/\/www.instagram.com\/reel\/C8nSbaesxBk\/+Recuperamos este fant\u00e1stico video da Mui\u00f1eira do Ramo  que nos fixeran durante  as III Xornadas O SON DA GAITA en Poio, o 30\/10\/2022, organizadas por Pai da Cana\n\nMontaxe e edici\u00f3n, Cris Lores; gravaci\u00f3n, Cris Lores e Ivan Rodriguez; edici\u00f3n audio, Ezequiel Orol\n\nPodedes escoitar esta e o resto das pezas do noso disco en Spotify ou YouTube\n\n#ansui\u00f1a #ansui\u00f1acuarteto #osondagaita  #mui\u00f1eiradoramo #paidacana\" target=\"_blank\" rel=\"noreferrer\" class=\"ft-gallerytwitter-icon\" title=\"Share this post on Twitter\"><i class=\"fa fa-twitter\"><\/i><\/a><a href=\"https:\/\/www.linkedin.com\/shareArticle?mini=true&amp;url=https:\/\/www.instagram.com\/reel\/C8nSbaesxBk\/\" target=\"_blank\" rel=\"noreferrer\" class=\"ft-gallerylinkedin-icon\" title=\"Share this post on Linkedin\"><i class=\"fa fa-linkedin\"><\/i><\/a><a href=\"mailto:?subject=Shared Link&amp;body=https:\/\/www.instagram.com\/reel\/C8nSbaesxBk\/ - Recuperamos este fant\u00e1stico video da Mui\u00f1eira do Ramo  que nos fixeran durante  as III Xornadas O SON DA GAITA en Poio, o 30\/10\/2022, organizadas por Pai da Cana\n\nMontaxe e edici\u00f3n, Cris Lores; gravaci\u00f3n, Cris Lores e Ivan Rodriguez; edici\u00f3n audio, Ezequiel Orol\n\nPodedes escoitar esta e o resto das pezas do noso disco en Spotify ou YouTube\n\n#ansui\u00f1a #ansui\u00f1acuarteto #osondagaita  #mui\u00f1eiradoramo #paidacana\" target=\"_blank\" rel=\"noreferrer\" class=\"ft-galleryemail-icon\" title=\"Share this post in your email\"><i class=\"fa fa-envelope\"><\/i><\/a><\/div><\/div>                        <\/div>\n                <\/div>\n                                <div class=\"slicker-instagram-placeholder fts-instagram-wrapper\" style=\"background-image:url('https:\/\/scontent-lis1-1.cdninstagram.com\/v\/t51.29350-15\/448081936_3771492049738764_8138503630863989780_n.webp?stp=dst-jpg&#038;_nc_cat=106&#038;ccb=1-7&#038;_nc_sid=18de74&#038;_nc_ohc=IFO0slzXCE8Q7kNvgE-Xy_T&#038;_nc_ht=scontent-lis1-1.cdninstagram.com&#038;edm=ANQ71j8EAAAA&#038;oh=00_AYCSqaPKvQy46zNUmPw4cUMsGnXmYG2iaUVwKQuDkhQF8g&#038;oe=66A767AC')\">\n                                            <a href='https:\/\/www.instagram.com\/p\/C7_fbADMcK4\/' title='Hoxe \u00e1s oito, na Igrexa Vella, presentaci\u00f3n do traballo discogr\u00e1fico. Pero antes, tocata en Caleiro + procesi\u00f3n. #ansui\u00f1a  #ansui\u00f1acuarteto' target=\"_blank\" rel=\"noreferrer\" class='fts-instagram-link-target fts-slicker-backg\n                                                                             fts-instagram-img-link' style=\"height:65px !important; width:65px; line-height:65px; font-size:65px;\"><span\n                                class=\"fts-instagram-icon\"\n                                style=\"height:65px; width:65px; line-height:65px; font-size:65px;\"><\/span><\/a>\n                        \n                        <div class='slicker-date'>\n\n                            <div class=\"fts-insta-date-popup-grab\">\n                            2 years ago                            <\/div>\n                        <\/div>\n                    <div class='slicker-instaG-backg-link'>\n\n                        <div class='slicker-instaG-photoshadow'><\/div>\n                    <\/div>\n                        <div class=\"fts-insta-likes-comments-grab-popup\">\n\n                            <div class=\"fts-share-wrap\"><a href=\"javascript:;\" class=\"ft-gallery-link-popup\" title=\"Social Share Options\"><\/a><div class=\"ft-gallery-share-wrap\"><a href=\"https:\/\/www.facebook.com\/sharer\/sharer.php?u=https:\/\/www.instagram.com\/p\/C7_fbADMcK4\/\" target=\"_blank\" rel=\"noreferrer\" class=\"ft-galleryfacebook-icon\" title=\"Share this post on Facebook\"><i class=\"fa fa-facebook-square\"><\/i><\/a><a href=\"https:\/\/twitter.com\/intent\/tweet?text=https:\/\/www.instagram.com\/p\/C7_fbADMcK4\/+Hoxe \u00e1s oito, na Igrexa Vella, presentaci\u00f3n do traballo discogr\u00e1fico. Pero antes, tocata en Caleiro + procesi\u00f3n. #ansui\u00f1a  #ansui\u00f1acuarteto\" target=\"_blank\" rel=\"noreferrer\" class=\"ft-gallerytwitter-icon\" title=\"Share this post on Twitter\"><i class=\"fa fa-twitter\"><\/i><\/a><a href=\"https:\/\/www.linkedin.com\/shareArticle?mini=true&amp;url=https:\/\/www.instagram.com\/p\/C7_fbADMcK4\/\" target=\"_blank\" rel=\"noreferrer\" class=\"ft-gallerylinkedin-icon\" title=\"Share this post on Linkedin\"><i class=\"fa fa-linkedin\"><\/i><\/a><a href=\"mailto:?subject=Shared Link&amp;body=https:\/\/www.instagram.com\/p\/C7_fbADMcK4\/ - Hoxe \u00e1s oito, na Igrexa Vella, presentaci\u00f3n do traballo discogr\u00e1fico. Pero antes, tocata en Caleiro + procesi\u00f3n. #ansui\u00f1a  #ansui\u00f1acuarteto\" target=\"_blank\" rel=\"noreferrer\" class=\"ft-galleryemail-icon\" title=\"Share this post in your email\"><i class=\"fa fa-envelope\"><\/i><\/a><\/div><\/div>                        <\/div>\n                <\/div>\n                                <div class=\"slicker-instagram-placeholder fts-instagram-wrapper\" style=\"background-image:url('https:\/\/scontent-lis1-1.cdninstagram.com\/v\/t51.29350-15\/447935233_363789946316545_2452106676617399857_n.webp?stp=dst-jpg&#038;_nc_cat=104&#038;ccb=1-7&#038;_nc_sid=18de74&#038;_nc_ohc=JWhZRGKQgoEQ7kNvgGpW9FJ&#038;_nc_ht=scontent-lis1-1.cdninstagram.com&#038;edm=ANQ71j8EAAAA&#038;oh=00_AYCa6yLhZiWSqqx-C77EAyIpkkSOvCoNcBFy0hHt7Hvu5g&#038;oe=66A750A2')\">\n                                            <a href='https:\/\/www.instagram.com\/p\/C789N5IMxi1\/' title='Artigo sobre Ansu\u00ed\u00f1a hoxe no Faro de Vigo. Moit\u00edsimas grazas!!! #ansui\u00f1a  #ansui\u00f1acuarteto' target=\"_blank\" rel=\"noreferrer\" class='fts-instagram-link-target fts-slicker-backg\n                                                                             fts-instagram-img-link' style=\"height:65px !important; width:65px; line-height:65px; font-size:65px;\"><span\n                                class=\"fts-instagram-icon\"\n                                style=\"height:65px; width:65px; line-height:65px; font-size:65px;\"><\/span><\/a>\n                        \n                        <div class='slicker-date'>\n\n                            <div class=\"fts-insta-date-popup-grab\">\n                            2 years ago                            <\/div>\n                        <\/div>\n                    <div class='slicker-instaG-backg-link'>\n\n                        <div class='slicker-instaG-photoshadow'><\/div>\n                    <\/div>\n                        <div class=\"fts-insta-likes-comments-grab-popup\">\n\n                            <div class=\"fts-share-wrap\"><a href=\"javascript:;\" class=\"ft-gallery-link-popup\" title=\"Social Share Options\"><\/a><div class=\"ft-gallery-share-wrap\"><a href=\"https:\/\/www.facebook.com\/sharer\/sharer.php?u=https:\/\/www.instagram.com\/p\/C789N5IMxi1\/\" target=\"_blank\" rel=\"noreferrer\" class=\"ft-galleryfacebook-icon\" title=\"Share this post on Facebook\"><i class=\"fa fa-facebook-square\"><\/i><\/a><a href=\"https:\/\/twitter.com\/intent\/tweet?text=https:\/\/www.instagram.com\/p\/C789N5IMxi1\/+Artigo sobre Ansu\u00ed\u00f1a hoxe no Faro de Vigo. Moit\u00edsimas grazas!!! #ansui\u00f1a  #ansui\u00f1acuarteto\" target=\"_blank\" rel=\"noreferrer\" class=\"ft-gallerytwitter-icon\" title=\"Share this post on Twitter\"><i class=\"fa fa-twitter\"><\/i><\/a><a href=\"https:\/\/www.linkedin.com\/shareArticle?mini=true&amp;url=https:\/\/www.instagram.com\/p\/C789N5IMxi1\/\" target=\"_blank\" rel=\"noreferrer\" class=\"ft-gallerylinkedin-icon\" title=\"Share this post on Linkedin\"><i class=\"fa fa-linkedin\"><\/i><\/a><a href=\"mailto:?subject=Shared Link&amp;body=https:\/\/www.instagram.com\/p\/C789N5IMxi1\/ - Artigo sobre Ansu\u00ed\u00f1a hoxe no Faro de Vigo. Moit\u00edsimas grazas!!! #ansui\u00f1a  #ansui\u00f1acuarteto\" target=\"_blank\" rel=\"noreferrer\" class=\"ft-galleryemail-icon\" title=\"Share this post in your email\"><i class=\"fa fa-envelope\"><\/i><\/a><\/div><\/div>                        <\/div>\n                <\/div>\n                                <div class=\"slicker-instagram-placeholder fts-instagram-wrapper\" style=\"background-image:url('https:\/\/scontent-lis1-1.cdninstagram.com\/v\/t51.29350-15\/447627017_1527120831560152_8922969842375151348_n.webp?stp=dst-jpg&#038;_nc_cat=101&#038;ccb=1-7&#038;_nc_sid=18de74&#038;_nc_ohc=oifW8q0kMuIQ7kNvgHMC8Ta&#038;_nc_ht=scontent-lis1-1.cdninstagram.com&#038;edm=ANQ71j8EAAAA&#038;oh=00_AYDct8pWz5BtIzf65nfwbJLNSSekOw_cfejPba-RCud0kA&#038;oe=66A75017')\">\n                                            <a href='https:\/\/www.instagram.com\/p\/C7uUjwos2aW\/' title='Ma\u00f1\u00e1 de alborada en Vilanova, no d\u00eda do Corpus. Po\u00f1endo un pouco de m\u00fasica nas r\u00faas do pobo e alentando \u00e1s veci\u00f1as e veci\u00f1os que confeccionan as alfombras ano tras ano. Parab\u00e9ns para elas\/eles!' target=\"_blank\" rel=\"noreferrer\" class='fts-child-media fts-instagram-link-target fts-slicker-backg\n                                                                             fts-instagram-img-link' style=\"height:65px !important; width:65px; line-height:65px; font-size:65px;\"><span\n                                class=\"fts-instagram-icon\"\n                                style=\"height:65px; width:65px; line-height:65px; font-size:65px;\"><\/span><\/a>\n                                                    <div class=\"fts-carousel-image-wrapper\"><div class=\"fts-carousel-image\" ><\/div><\/div>\n                            \t\t\t\t\t\t\t\t<a href='' title='Ma\u00f1\u00e1 de alborada en Vilanova, no d\u00eda do Corpus. Po\u00f1endo un pouco de m\u00fasica nas r\u00faas do pobo e alentando \u00e1s veci\u00f1as e veci\u00f1os que confeccionan as alfombras ano tras ano. Parab\u00e9ns para elas\/eles!' target=\"_blank\" rel=\"noreferrer\" class='fts-child-media fts-child-media-hide fts-instagram-link-target fts-slicker-backg\n                                                                     fts-instagram-img-link'><\/a>\n                                \t\t\t\t\t\t\t\t<a href='' title='Ma\u00f1\u00e1 de alborada en Vilanova, no d\u00eda do Corpus. Po\u00f1endo un pouco de m\u00fasica nas r\u00faas do pobo e alentando \u00e1s veci\u00f1as e veci\u00f1os que confeccionan as alfombras ano tras ano. Parab\u00e9ns para elas\/eles!' target=\"_blank\" rel=\"noreferrer\" class='fts-child-media fts-child-media-hide fts-instagram-link-target fts-slicker-backg\n                                                                     fts-instagram-img-link'><\/a>\n                                \n                        <div class='slicker-date'>\n\n                            <div class=\"fts-insta-date-popup-grab\">\n                            2 years ago                            <\/div>\n                        <\/div>\n                    <div class='slicker-instaG-backg-link'>\n\n                        <div class='slicker-instaG-photoshadow'><\/div>\n                    <\/div>\n                        <div class=\"fts-insta-likes-comments-grab-popup\">\n\n                            <div class=\"fts-share-wrap\"><a href=\"javascript:;\" class=\"ft-gallery-link-popup\" title=\"Social Share Options\"><\/a><div class=\"ft-gallery-share-wrap\"><a href=\"https:\/\/www.facebook.com\/sharer\/sharer.php?u=https:\/\/www.instagram.com\/p\/C7uUjwos2aW\/\" target=\"_blank\" rel=\"noreferrer\" class=\"ft-galleryfacebook-icon\" title=\"Share this post on Facebook\"><i class=\"fa fa-facebook-square\"><\/i><\/a><a href=\"https:\/\/twitter.com\/intent\/tweet?text=https:\/\/www.instagram.com\/p\/C7uUjwos2aW\/+Ma\u00f1\u00e1 de alborada en Vilanova, no d\u00eda do Corpus. Po\u00f1endo un pouco de m\u00fasica nas r\u00faas do pobo e alentando \u00e1s veci\u00f1as e veci\u00f1os que confeccionan as alfombras ano tras ano. Parab\u00e9ns para elas\/eles!\" target=\"_blank\" rel=\"noreferrer\" class=\"ft-gallerytwitter-icon\" title=\"Share this post on Twitter\"><i class=\"fa fa-twitter\"><\/i><\/a><a href=\"https:\/\/www.linkedin.com\/shareArticle?mini=true&amp;url=https:\/\/www.instagram.com\/p\/C7uUjwos2aW\/\" target=\"_blank\" rel=\"noreferrer\" class=\"ft-gallerylinkedin-icon\" title=\"Share this post on Linkedin\"><i class=\"fa fa-linkedin\"><\/i><\/a><a href=\"mailto:?subject=Shared Link&amp;body=https:\/\/www.instagram.com\/p\/C7uUjwos2aW\/ - Ma\u00f1\u00e1 de alborada en Vilanova, no d\u00eda do Corpus. Po\u00f1endo un pouco de m\u00fasica nas r\u00faas do pobo e alentando \u00e1s veci\u00f1as e veci\u00f1os que confeccionan as alfombras ano tras ano. Parab\u00e9ns para elas\/eles!\" target=\"_blank\" rel=\"noreferrer\" class=\"ft-galleryemail-icon\" title=\"Share this post in your email\"><i class=\"fa fa-envelope\"><\/i><\/a><\/div><\/div>                        <\/div>\n                <\/div>\n                                <div class=\"slicker-instagram-placeholder fts-instagram-wrapper\" style=\"background-image:url('https:\/\/scontent-lis1-1.cdninstagram.com\/v\/t51.29350-15\/447168645_1622513931871980_1365879834004968301_n.webp?stp=dst-jpg&#038;_nc_cat=109&#038;ccb=1-7&#038;_nc_sid=18de74&#038;_nc_ohc=pJInWv182XAQ7kNvgGLA8RY&#038;_nc_ht=scontent-lis1-1.cdninstagram.com&#038;edm=ANQ71j8EAAAA&#038;oh=00_AYBczjrDohn-SRkZmmTLkbNnCYyXbnbT-rPhRRHAum3aCA&#038;oe=66A75A70')\">\n                                            <a href='https:\/\/www.instagram.com\/p\/C7pcLQoMM3Q\/' title='O domingo 9 de xu\u00f1o estreamos no noso pobo o traballo discogr\u00e1fico que vimos de publicar recentemente. \nAnim\u00e1mosvos a que ve\u00f1ades, visitedes Vilanova e a \u00faltima hora da tardi\u00f1a, 20:00 h, vos acheguedes ata a Igrexa Vella.  Al\u00ed ofreceremos un pequeni\u00f1o concerto, conversaremos e, se vos presta, tomaremos un vi\u00f1o!\nAgard\u00e1mosvos!\nColabora: Concello de Vilanova @concellodevilanova\nFotograf\u00eda: Luis Portas Ba\u00falde' target=\"_blank\" rel=\"noreferrer\" class='fts-instagram-link-target fts-slicker-backg\n                                                                             fts-instagram-img-link' style=\"height:65px !important; width:65px; line-height:65px; font-size:65px;\"><span\n                                class=\"fts-instagram-icon\"\n                                style=\"height:65px; width:65px; line-height:65px; font-size:65px;\"><\/span><\/a>\n                        \n                        <div class='slicker-date'>\n\n                            <div class=\"fts-insta-date-popup-grab\">\n                            2 years ago                            <\/div>\n                        <\/div>\n                    <div class='slicker-instaG-backg-link'>\n\n                        <div class='slicker-instaG-photoshadow'><\/div>\n                    <\/div>\n                        <div class=\"fts-insta-likes-comments-grab-popup\">\n\n                            <div class=\"fts-share-wrap\"><a href=\"javascript:;\" class=\"ft-gallery-link-popup\" title=\"Social Share Options\"><\/a><div class=\"ft-gallery-share-wrap\"><a href=\"https:\/\/www.facebook.com\/sharer\/sharer.php?u=https:\/\/www.instagram.com\/p\/C7pcLQoMM3Q\/\" target=\"_blank\" rel=\"noreferrer\" class=\"ft-galleryfacebook-icon\" title=\"Share this post on Facebook\"><i class=\"fa fa-facebook-square\"><\/i><\/a><a href=\"https:\/\/twitter.com\/intent\/tweet?text=https:\/\/www.instagram.com\/p\/C7pcLQoMM3Q\/+O domingo 9 de xu\u00f1o estreamos no noso pobo o traballo discogr\u00e1fico que vimos de publicar recentemente. \nAnim\u00e1mosvos a que ve\u00f1ades, visitedes Vilanova e a \u00faltima hora da tardi\u00f1a, 20:00 h, vos acheguedes ata a Igrexa Vella.  Al\u00ed ofreceremos un pequeni\u00f1o concerto, conversaremos e, se vos presta, tomaremos un vi\u00f1o!\nAgard\u00e1mosvos!\nColabora: Concello de Vilanova @concellodevilanova\nFotograf\u00eda: Luis Portas Ba\u00falde\" target=\"_blank\" rel=\"noreferrer\" class=\"ft-gallerytwitter-icon\" title=\"Share this post on Twitter\"><i class=\"fa fa-twitter\"><\/i><\/a><a href=\"https:\/\/www.linkedin.com\/shareArticle?mini=true&amp;url=https:\/\/www.instagram.com\/p\/C7pcLQoMM3Q\/\" target=\"_blank\" rel=\"noreferrer\" class=\"ft-gallerylinkedin-icon\" title=\"Share this post on Linkedin\"><i class=\"fa fa-linkedin\"><\/i><\/a><a href=\"mailto:?subject=Shared Link&amp;body=https:\/\/www.instagram.com\/p\/C7pcLQoMM3Q\/ - O domingo 9 de xu\u00f1o estreamos no noso pobo o traballo discogr\u00e1fico que vimos de publicar recentemente. \nAnim\u00e1mosvos a que ve\u00f1ades, visitedes Vilanova e a \u00faltima hora da tardi\u00f1a, 20:00 h, vos acheguedes ata a Igrexa Vella.  Al\u00ed ofreceremos un pequeni\u00f1o concerto, conversaremos e, se vos presta, tomaremos un vi\u00f1o!\nAgard\u00e1mosvos!\nColabora: Concello de Vilanova @concellodevilanova\nFotograf\u00eda: Luis Portas Ba\u00falde\" target=\"_blank\" rel=\"noreferrer\" class=\"ft-galleryemail-icon\" title=\"Share this post in your email\"><i class=\"fa fa-envelope\"><\/i><\/a><\/div><\/div>                        <\/div>\n                <\/div>\n                                <div class=\"slicker-instagram-placeholder fts-instagram-wrapper\" style=\"background-image:url('https:\/\/scontent-lis1-1.cdninstagram.com\/v\/t51.29350-15\/445976238_1095013268248111_5048848028375975495_n.webp?stp=dst-jpg&#038;_nc_cat=110&#038;ccb=1-7&#038;_nc_sid=18de74&#038;_nc_ohc=sFZ8_cv48lMQ7kNvgEjNTzy&#038;_nc_ht=scontent-lis1-1.cdninstagram.com&#038;edm=ANQ71j8EAAAA&#038;oh=00_AYDof38O9aUhcGw5_5IsH88XC2MoFOoPuz-Ux89mXF1KZQ&#038;oe=66A7523A')\">\n                                            <a href='https:\/\/www.instagram.com\/p\/C7a7yp5MVOQ\/' title='Chegou o d\u00eda!!! Hoxe publ\u00edcase nas plataformas dixitais o noso primeiro traballo discogr\u00e1fico. \nO disco \u00e9 un paseo musical, ou quizais sexa m\u00e1is exacto dicir unha alborada, das moitas que realizamos en Vilanova de Arousa ao longo destes \u00faltimos trinta e cinco anos. \nCada peza leva o nome dunha r\u00faa ou lugar reco\u00f1ecible para as vilanovesas e vilanoveses que o escoiten. Coinciden os nomes co itinerario que acostumamos a seguir os d\u00edas de festa nas alboradas do pobo:  Sa\u00edda de diante da igrexa,  r\u00faa arriba cara As Rodas, C\u00e1lago, As Sinas, A Bra\u00f1a, Basella, As Hortas, Castro, Vilamaior, Esteiro, Frada, etc.\nDisfrutamos enormemente de todo o proceso de preparaci\u00f3n e gravaci\u00f3n deste traballo musical. Chega agora o momento de compartilo con todos e todas v\u00f3s. Agardamos que sexa do voso agrado!\n\nAgradecemos que compartades a nova e nos botedes unha man en difundir a nosa m\u00fasica \ud83d\ude09 \n\nhttps:\/\/open.spotify.com\/album\/4fSqo5uOv3z9Kt2tFkjiGj?si=-8l4yUihSgeF2CiB4KoolA' target=\"_blank\" rel=\"noreferrer\" class='fts-instagram-link-target fts-slicker-backg\n                                                                             fts-instagram-img-link' style=\"height:65px !important; width:65px; line-height:65px; font-size:65px;\"><span\n                                class=\"fts-instagram-icon\"\n                                style=\"height:65px; width:65px; line-height:65px; font-size:65px;\"><\/span><\/a>\n                        \n                        <div class='slicker-date'>\n\n                            <div class=\"fts-insta-date-popup-grab\">\n                            2 years ago                            <\/div>\n                        <\/div>\n                    <div class='slicker-instaG-backg-link'>\n\n                        <div class='slicker-instaG-photoshadow'><\/div>\n                    <\/div>\n                        <div class=\"fts-insta-likes-comments-grab-popup\">\n\n                            <div class=\"fts-share-wrap\"><a href=\"javascript:;\" class=\"ft-gallery-link-popup\" title=\"Social Share Options\"><\/a><div class=\"ft-gallery-share-wrap\"><a href=\"https:\/\/www.facebook.com\/sharer\/sharer.php?u=https:\/\/www.instagram.com\/p\/C7a7yp5MVOQ\/\" target=\"_blank\" rel=\"noreferrer\" class=\"ft-galleryfacebook-icon\" title=\"Share this post on Facebook\"><i class=\"fa fa-facebook-square\"><\/i><\/a><a href=\"https:\/\/twitter.com\/intent\/tweet?text=https:\/\/www.instagram.com\/p\/C7a7yp5MVOQ\/+Chegou o d\u00eda!!! Hoxe publ\u00edcase nas plataformas dixitais o noso primeiro traballo discogr\u00e1fico. \nO disco \u00e9 un paseo musical, ou quizais sexa m\u00e1is exacto dicir unha alborada, das moitas que realizamos en Vilanova de Arousa ao longo destes \u00faltimos trinta e cinco anos. \nCada peza leva o nome dunha r\u00faa ou lugar reco\u00f1ecible para as vilanovesas e vilanoveses que o escoiten. Coinciden os nomes co itinerario que acostumamos a seguir os d\u00edas de festa nas alboradas do pobo:  Sa\u00edda de diante da igrexa,  r\u00faa arriba cara As Rodas, C\u00e1lago, As Sinas, A Bra\u00f1a, Basella, As Hortas, Castro, Vilamaior, Esteiro, Frada, etc.\nDisfrutamos enormemente de todo o proceso de preparaci\u00f3n e gravaci\u00f3n deste traballo musical. Chega agora o momento de compartilo con todos e todas v\u00f3s. Agardamos que sexa do voso agrado!\n\nAgradecemos que compartades a nova e nos botedes unha man en difundir a nosa m\u00fasica \ud83d\ude09 \n\nhttps:\/\/open.spotify.com\/album\/4fSqo5uOv3z9Kt2tFkjiGj?si=-8l4yUihSgeF2CiB4KoolA\" target=\"_blank\" rel=\"noreferrer\" class=\"ft-gallerytwitter-icon\" title=\"Share this post on Twitter\"><i class=\"fa fa-twitter\"><\/i><\/a><a href=\"https:\/\/www.linkedin.com\/shareArticle?mini=true&amp;url=https:\/\/www.instagram.com\/p\/C7a7yp5MVOQ\/\" target=\"_blank\" rel=\"noreferrer\" class=\"ft-gallerylinkedin-icon\" title=\"Share this post on Linkedin\"><i class=\"fa fa-linkedin\"><\/i><\/a><a href=\"mailto:?subject=Shared Link&amp;body=https:\/\/www.instagram.com\/p\/C7a7yp5MVOQ\/ - Chegou o d\u00eda!!! Hoxe publ\u00edcase nas plataformas dixitais o noso primeiro traballo discogr\u00e1fico. \nO disco \u00e9 un paseo musical, ou quizais sexa m\u00e1is exacto dicir unha alborada, das moitas que realizamos en Vilanova de Arousa ao longo destes \u00faltimos trinta e cinco anos. \nCada peza leva o nome dunha r\u00faa ou lugar reco\u00f1ecible para as vilanovesas e vilanoveses que o escoiten. Coinciden os nomes co itinerario que acostumamos a seguir os d\u00edas de festa nas alboradas do pobo:  Sa\u00edda de diante da igrexa,  r\u00faa arriba cara As Rodas, C\u00e1lago, As Sinas, A Bra\u00f1a, Basella, As Hortas, Castro, Vilamaior, Esteiro, Frada, etc.\nDisfrutamos enormemente de todo o proceso de preparaci\u00f3n e gravaci\u00f3n deste traballo musical. Chega agora o momento de compartilo con todos e todas v\u00f3s. Agardamos que sexa do voso agrado!\n\nAgradecemos que compartades a nova e nos botedes unha man en difundir a nosa m\u00fasica \ud83d\ude09 \n\nhttps:\/\/open.spotify.com\/album\/4fSqo5uOv3z9Kt2tFkjiGj?si=-8l4yUihSgeF2CiB4KoolA\" target=\"_blank\" rel=\"noreferrer\" class=\"ft-galleryemail-icon\" title=\"Share this post in your email\"><i class=\"fa fa-envelope\"><\/i><\/a><\/div><\/div>                        <\/div>\n                <\/div>\n                <\/div>\t\t\t\t\t\t\t\t\t\t<script>\n\t\t\t\t\t\/\/ This needs to load here below the feed to load properly for\n\t\t\t\t\t\/\/ Elementor page preview, and also some types of tabs that use js to load.\n\t\t\t\t\tdocument.addEventListener(\"DOMContentLoaded\", function(event) {\n\t\t\t\t\t\tif (typeof slickremixImageResizing === 'function') {\n\t\t\t\t\t\t\tslickremixImageResizing();\n\t\t\t\t\t\t}\n\t\t\t\t\t\tif (typeof ftsShare === 'function') {\n\t\t\t\t\t\t\tftsShare();\n\t\t\t\t\t\t}\n\t\t\t\t\t});\n\t\t\t\t<\/script>\n\t\t\t\t\n","protected":false},"excerpt":{"rendered":"<p>Se queres estar ao d\u00eda das \u00faltimas novas e actuaci\u00f3ns do grupo podes seguirnos tam\u00e9n en redes sociais.<\/p>\n","protected":false},"author":1,"featured_media":0,"parent":0,"menu_order":0,"comment_status":"closed","ping_status":"closed","template":"","meta":{"footnotes":""},"_links":{"self":[{"href":"https:\/\/xn--ansuia-0wa.gal\/index.php\/wp-json\/wp\/v2\/pages\/46"}],"collection":[{"href":"https:\/\/xn--ansuia-0wa.gal\/index.php\/wp-json\/wp\/v2\/pages"}],"about":[{"href":"https:\/\/xn--ansuia-0wa.gal\/index.php\/wp-json\/wp\/v2\/types\/page"}],"author":[{"embeddable":true,"href":"https:\/\/xn--ansuia-0wa.gal\/index.php\/wp-json\/wp\/v2\/users\/1"}],"replies":[{"embeddable":true,"href":"https:\/\/xn--ansuia-0wa.gal\/index.php\/wp-json\/wp\/v2\/comments?post=46"}],"version-history":[{"count":25,"href":"https:\/\/xn--ansuia-0wa.gal\/index.php\/wp-json\/wp\/v2\/pages\/46\/revisions"}],"predecessor-version":[{"id":430,"href":"https:\/\/xn--ansuia-0wa.gal\/index.php\/wp-json\/wp\/v2\/pages\/46\/revisions\/430"}],"wp:attachment":[{"href":"https:\/\/xn--ansuia-0wa.gal\/index.php\/wp-json\/wp\/v2\/media?parent=46"}],"curies":[{"name":"wp","href":"https:\/\/api.w.org\/{rel}","templated":true}]}}